{"id":950,"date":"2025-06-20T18:22:37","date_gmt":"2025-06-20T18:22:37","guid":{"rendered":"https:\/\/www.easp.es\/web\/formacioncompetenciastransversaleseir\/?page_id=950"},"modified":"2025-06-23T12:00:49","modified_gmt":"2025-06-23T12:00:49","slug":"confirmacion-de-datos-2025","status":"publish","type":"page","link":"https:\/\/www.easp.es\/web\/formacioncompetenciastransversaleseir\/confirmacion-de-datos-2025\/","title":{"rendered":"Confirmaci\u00f3n de datos 2025"},"content":{"rendered":"\t\t<div data-elementor-type=\"wp-page\" data-elementor-id=\"950\" class=\"elementor elementor-950\">\n\t\t\t\t\t\t<section class=\"elementor-section elementor-top-section elementor-element elementor-element-41b5888 elementor-section-boxed elementor-section-height-default elementor-section-height-default\" data-id=\"41b5888\" data-element_type=\"section\" data-e-type=\"section\">\n\t\t\t\t\t\t<div class=\"elementor-container elementor-column-gap-default\">\n\t\t\t\t\t<div class=\"elementor-column elementor-col-100 elementor-top-column elementor-element elementor-element-6a35596\" data-id=\"6a35596\" data-element_type=\"column\" data-e-type=\"column\">\n\t\t\t<div class=\"elementor-widget-wrap elementor-element-populated\">\n\t\t\t\t\t\t<div class=\"elementor-element elementor-element-442b6f7 elementor-widget elementor-widget-text-editor\" data-id=\"442b6f7\" data-element_type=\"widget\" data-e-type=\"widget\" data-widget_type=\"text-editor.default\">\n\t\t\t\t<div class=\"elementor-widget-container\">\n\t\t\t\t\t\t\t\t\t<p><strong>El Programa de Formaci\u00f3n en Competencias Transversales,<\/strong>&nbsp;puesto en marcha por la Consejer\u00eda de Salud y Consumo, est\u00e1 dirigido a residentes cursando el primer a\u00f1o en Andaluc\u00eda.<\/p>\n<p>Su realizaci\u00f3n es altamente recomendable, y est\u00e1 integrado por <b>12<\/b><strong>&nbsp;actividades<\/strong> que se podr\u00e1n realizar desde el <strong>1 de julio 2025 hasta el 30 de junio de 2026.<\/strong><\/p>\n<p><span style=\"font-family: -apple-system, BlinkMacSystemFont, 'Segoe UI', Roboto, 'Helvetica Neue', Arial, 'Noto Sans', sans-serif, 'Apple Color Emoji', 'Segoe UI Emoji', 'Segoe UI Symbol', 'Noto Color Emoji'; font-size: 1rem;\">Si eres residente de primer a\u00f1o desde <span style=\"color: #ff6600;\"><strong>JUNIO DE 2025<\/strong><\/span> tu matriculaci\u00f3n ya se ha llevado a cabo. S\u00f3lo tienes que confirmar tus datos para poder acceder a la formaci\u00f3n a partir de su fecha de comienzo, <\/span><span style=\"font-family: -apple-system, BlinkMacSystemFont, 'Segoe UI', Roboto, 'Helvetica Neue', Arial, 'Noto Sans', sans-serif, 'Apple Color Emoji', 'Segoe UI Emoji', 'Segoe UI Symbol', 'Noto Color Emoji'; font-size: 1rem;\">teniendo presente que el <b>plazo l\u00edmite de formalizaci\u00f3n de la matr\u00edcula <\/b>a trav\u00e9s de la confirmaci\u00f3n de datos ser\u00e1 el<\/span> <span style=\"font-family: -apple-system, BlinkMacSystemFont, 'Segoe UI', Roboto, 'Helvetica Neue', Arial, 'Noto Sans', sans-serif, 'Apple Color Emoji', 'Segoe UI Emoji', 'Segoe UI Symbol', 'Noto Color Emoji'; font-size: 1rem; font-weight: bold;\">1 de junio de 2026.<\/span><\/p>\t\t\t\t\t\t\t\t<\/div>\n\t\t\t\t<\/div>\n\t\t\t\t<div class=\"elementor-element elementor-element-3bf754e elementor-widget elementor-widget-heading\" data-id=\"3bf754e\" data-element_type=\"widget\" data-e-type=\"widget\" data-widget_type=\"heading.default\">\n\t\t\t\t<div class=\"elementor-widget-container\">\n\t\t\t\t\t<h3 class=\"elementor-heading-title elementor-size-default\">Tiempo para completar y finalizar el programa formativo<\/h3>\t\t\t\t<\/div>\n\t\t\t\t<\/div>\n\t\t\t\t<div class=\"elementor-element elementor-element-b9a4795 elementor-countdown--label-block elementor-widget elementor-widget-countdown\" data-id=\"b9a4795\" data-element_type=\"widget\" data-e-type=\"widget\" data-widget_type=\"countdown.default\">\n\t\t\t\t<div class=\"elementor-widget-container\">\n\t\t\t\t\t\t\t<div class=\"elementor-countdown-wrapper\" data-date=\"1782806400\">\n\t\t\t<div class=\"elementor-countdown-item\"><span class=\"elementor-countdown-digits elementor-countdown-days\"><\/span> <span class=\"elementor-countdown-label\">D\u00edas<\/span><\/div><div class=\"elementor-countdown-item\"><span class=\"elementor-countdown-digits elementor-countdown-hours\"><\/span> <span class=\"elementor-countdown-label\">Horas<\/span><\/div><div class=\"elementor-countdown-item\"><span class=\"elementor-countdown-digits elementor-countdown-seconds\"><\/span> <span class=\"elementor-countdown-label\">Segundos<\/span><\/div>\t\t<\/div>\n\t\t\t\t\t\t<\/div>\n\t\t\t\t<\/div>\n\t\t\t\t\t<\/div>\n\t\t<\/div>\n\t\t\t\t\t<\/div>\n\t\t<\/section>\n\t\t\t\t<section class=\"elementor-section elementor-top-section elementor-element elementor-element-3c0758f elementor-section-boxed elementor-section-height-default elementor-section-height-default\" data-id=\"3c0758f\" data-element_type=\"section\" data-e-type=\"section\">\n\t\t\t\t\t\t<div class=\"elementor-container elementor-column-gap-default\">\n\t\t\t\t\t<div class=\"elementor-column elementor-col-100 elementor-top-column elementor-element elementor-element-2135758\" data-id=\"2135758\" data-element_type=\"column\" data-e-type=\"column\">\n\t\t\t<div class=\"elementor-widget-wrap elementor-element-populated\">\n\t\t\t\t\t\t<div class=\"elementor-element elementor-element-43ac10b elementor-widget elementor-widget-html\" data-id=\"43ac10b\" data-element_type=\"widget\" data-e-type=\"widget\" data-widget_type=\"html.default\">\n\t\t\t\t<div class=\"elementor-widget-container\">\n\t\t\t\t\t<style>\n.container {\n  position: relative;\n  overflow: hidden;\n  width: 100%;\n  padding-top: 56.25%; \/* 16:9 Aspect Ratio (divide 9 by 16 = 0.5625) *\/\n}\n\n\/* Then style the iframe to fit in the container div with full height and width *\/\n.responsive-iframe {\n  position: absolute;\n  top: 0;\n  left: 0;\n  bottom: 0;\n  right: 0;\n  width: 100%;\n  height: 100%;\n}\n<\/style>\n<div class=\"container\">\n  <iframe class=\"responsive-iframe\" frameBorder=\"0\" src=\"https:\/\/intranet.easp.es\/siga\/info\/FormacionResidentesConfirmacion2025.aspx\"><\/iframe>\t\t\t\t<\/div>\n\t\t\t\t<\/div>\n\t\t\t\t\t<\/div>\n\t\t<\/div>\n\t\t\t\t\t<\/div>\n\t\t<\/section>\n\t\t\t\t<\/div>\n\t\t","protected":false},"excerpt":{"rendered":"<p>El Programa de Formaci\u00f3n en Competencias Transversales,&nbsp;puesto en marcha por la Consejer\u00eda de Salud y Consumo, est\u00e1 dirigido a residentes cursando el primer a\u00f1o en Andaluc\u00eda. Su realizaci\u00f3n es altamente recomendable, y est\u00e1 integrado por 12&nbsp;actividades que se podr\u00e1n realizar desde el 1 de julio 2025 hasta el 30 de junio de 2026. Si eres [&hellip;]<\/p>\n","protected":false},"author":1,"featured_media":0,"parent":0,"menu_order":0,"comment_status":"closed","ping_status":"closed","template":"","meta":{"_eb_attr":"","footnotes":""},"class_list":["post-950","page","type-page","status-publish","hentry"],"_links":{"self":[{"href":"https:\/\/www.easp.es\/web\/formacioncompetenciastransversaleseir\/wp-json\/wp\/v2\/pages\/950","targetHints":{"allow":["GET"]}}],"collection":[{"href":"https:\/\/www.easp.es\/web\/formacioncompetenciastransversaleseir\/wp-json\/wp\/v2\/pages"}],"about":[{"href":"https:\/\/www.easp.es\/web\/formacioncompetenciastransversaleseir\/wp-json\/wp\/v2\/types\/page"}],"author":[{"embeddable":true,"href":"https:\/\/www.easp.es\/web\/formacioncompetenciastransversaleseir\/wp-json\/wp\/v2\/users\/1"}],"replies":[{"embeddable":true,"href":"https:\/\/www.easp.es\/web\/formacioncompetenciastransversaleseir\/wp-json\/wp\/v2\/comments?post=950"}],"version-history":[{"count":10,"href":"https:\/\/www.easp.es\/web\/formacioncompetenciastransversaleseir\/wp-json\/wp\/v2\/pages\/950\/revisions"}],"predecessor-version":[{"id":973,"href":"https:\/\/www.easp.es\/web\/formacioncompetenciastransversaleseir\/wp-json\/wp\/v2\/pages\/950\/revisions\/973"}],"wp:attachment":[{"href":"https:\/\/www.easp.es\/web\/formacioncompetenciastransversaleseir\/wp-json\/wp\/v2\/media?parent=950"}],"curies":[{"name":"wp","href":"https:\/\/api.w.org\/{rel}","templated":true}]}}